{"id":18390,"date":"2025-04-15T14:14:59","date_gmt":"2025-04-15T12:14:59","guid":{"rendered":"https:\/\/mesanacorporate.com\/privacy-policy\/"},"modified":"2026-02-24T19:05:12","modified_gmt":"2026-02-24T18:05:12","slug":"politica-de-privacidad","status":"publish","type":"page","link":"https:\/\/mesanacorporate.com\/es\/politica-de-privacidad\/","title":{"rendered":"Pol\u00edtica de Privacidad"},"content":{"rendered":"\t\t<div data-elementor-type=\"wp-page\" data-elementor-id=\"18390\" class=\"elementor elementor-18390 elementor-17153\">\n\t\t\t\t<div class=\"elementor-element elementor-element-301cc2ec e-flex e-con-boxed e-con e-parent \" data-id=\"301cc2ec\" data-element_type=\"container\" data-e-type=\"container\" data-settings=\"{&quot;background_background&quot;:&quot;classic&quot;}\">\t\t\t<div class=\"e-con-inner\">\r\n\t\t\t\t<div class=\"elementor-element elementor-element-2f14a7b6 elementor-widget elementor-widget-text-editor\" data-id=\"2f14a7b6\" data-element_type=\"widget\" data-e-type=\"widget\" data-widget_type=\"text-editor.default\">\n\t\t\t\t<div class=\"elementor-widget-container\">\n\t\t\t\t\t\t\t\t\t<h4>\u00bfQui\u00e9n es el responsable del tratamiento de tus datos personales?<\/h4><p>Mesana Corporate Advisory, S.L. es el RESPONSABLE del tratamiento de los datos personales del USUARIO y le informa de que estos datos ser\u00e1n tratados de conformidad con lo dispuesto en el Reglamento (UE) 2016\/679, de 27 de abril (GDPR), y la Ley Org\u00e1nica 3\/2018, de 5 de diciembre (LOPDGDD).<\/p><h4>\u00bfC\u00f3mo ponerse en contacto con nosotros?<\/h4><p><strong>Denominaci\u00f3n social:<\/strong> Mesana Corporate Advisory, S.L.<br \/><strong>Domicilio social:<\/strong>\u00a0c\/ Serrano 107, 28006, Madrid<br \/><strong>E-mail:<\/strong> <a href=\"mailto:info@mesanacorporacion.com\">info@mesanacorporacion.com<\/a><\/p><h4>\u00bfPara qu\u00e9 tratamos tus datos personales?<\/h4><p>Para mantener una relaci\u00f3n comercial con el usuario. Las operaciones previstas para realizar el tratamiento son:<\/p><ul><li>Remisi\u00f3n de comunicaciones comerciales publicitarias por e-mail, fax, SMS, MMS, redes sociales o cualquier otro medio electr\u00f3nico o f\u00edsico, presente o futuro, que posibilite realizar comunicaciones comerciales. Estas comunicaciones ser\u00e1n realizadas por el RESPONSABLE y estar\u00e1n relacionadas con sus productos y servicios, o de sus colaboradores o proveedores, con los que este haya alcanzado alg\u00fan acuerdo de promoci\u00f3n. En este caso, los terceros nunca tendr\u00e1n acceso a los datos personales.<\/li><li>Realizar estudios de mercado y an\u00e1lisis estad\u00edsticos.<\/li><li>Tramitar encargos, solicitudes, resoluci\u00f3n de dudas, presentaci\u00f3n de quejas o sugerencias o cualquier tipo de petici\u00f3n que sea realizada por el USUARIO a trav\u00e9s de cualquiera de las formas de contacto que se ponen a su disposici\u00f3n en la p\u00e1gina web del RESPONSABLE.<\/li><li>Gesti\u00f3n de los servicios contratados.<\/li><\/ul><p>Dependiendo de los casos, la\u00a0 comunicaci\u00f3n de los datos personales m\u00ednimos es un requisito indispensable para poder cumplir con la finalidad para los que se solicitan, por lo que, en caso de no facilitar los mismos puede que no pueda facilitar el producto o servicio solicitado. En caso de que no se faciliten todos los datos, no se garantiza que la informaci\u00f3n y servicios facilitados sean completamente ajustados a sus necesidades.<\/p><p>En este sentido, debe garantizar que los datos personales facilitados al RESPONSABLE son veraces y se hace responsable de comunicar cualquier modificaci\u00f3n de los mismos.<\/p><h4>\u00bfPor qu\u00e9 motivo podemos tratar tus datos personales?<\/h4><p>Porque el tratamiento est\u00e1 legitimado por el art\u00edculo 6 del GDPR de la siguiente forma:<\/p><ul><li>Con el consentimiento del USUARIO: remisi\u00f3n de comunicaciones comerciales y del bolet\u00edn informativo.<\/li><li>Por inter\u00e9s leg\u00edtimo del RESPONSABLE: realizar estudios de mercado, an\u00e1lisis estad\u00edsticos, etc. y tramitar encargos, solicitudes, etc. a petici\u00f3n del USUARIO.<\/li><li>En cualquier caso, estar\u00e1 legitimado al tratamiento de datos cuando sean necesarios para la ejecuci\u00f3n de alg\u00fan contrato.<\/li><\/ul><h4>\u00bfDurante cu\u00e1nto tiempo guardaremos tus datos personales?<\/h4><p>Se conservar\u00e1n durante no m\u00e1s tiempo del necesario para mantener el fin del tratamiento o existan prescripciones legales que dictaminen su custodia y cuando ya no sea necesario para ello, se suprimir\u00e1n con medidas de seguridad adecuadas para garantizar la anonimizaci\u00f3n de los datos o la destrucci\u00f3n total de los mismos.<\/p><h4>\u00bfA qui\u00e9n facilitamos tus datos personales?<\/h4><p>No est\u00e1 prevista ninguna comunicaci\u00f3n de datos personales a terceros salvo, si fuese necesario para el desarrollo y ejecuci\u00f3n de las finalidades del tratamiento, a nuestros proveedores de servicios relacionados con comunicaciones, con los cuales el RESPONSABLE tiene suscritos los contratos de confidencialidad y de encargado de tratamiento exigidos por la normativa vigente de privacidad.<\/p><h4>\u00bfCu\u00e1les son tus derechos?<\/h4><p>Cualquier persona tiene derecho a obtener confirmaci\u00f3n sobre si en se tratan datos personales que le conciernan, o no. Por otro lado, cualquier interesado podr\u00e1 solicitar el ejercicio de los siguientes derechos ante presentando un escrito a la direcci\u00f3n postal del encabezamiento:<\/p><ul><li><strong>Derecho de acceso: <\/strong>permite al interesado conocer y obtener informaci\u00f3n sobre sus datos de car\u00e1cter personal sometidos a tratamiento.<\/li><li><strong>Derecho de rectificaci\u00f3n o supresi\u00f3n:<\/strong> permite corregir errores, modificar los datos que resulten ser inexactos o incompletos y garantizar la certeza de la informaci\u00f3n objeto del tratamiento.<\/li><li><strong>Derecho de cancelaci\u00f3n:<\/strong> permite que se supriman los datos que resulten ser inadecuados o excesivos.<\/li><li><strong>Derecho de oposici\u00f3n:<\/strong> derecho del interesado a que no se lleve a cabo el tratamiento de sus datos de car\u00e1cter personal o se cese en el mismo.<\/li><li><strong>Limitaci\u00f3n del tratamiento:<\/strong> conlleva el marcado de los datos personales conservados, con la finalidad de limitar su futuro tratamiento.<\/li><li><strong>Portabilidad de los datos:<\/strong> facilitaci\u00f3n de los datos objeto de tratamiento al interesado, a fin de que \u00e9ste pueda transmitirlos a otro responsable, sin impedimentos.<\/li><li><strong>Derecho a no ser objeto de decisiones individuales automatizadas (incluida <\/strong><strong>la elaboraci\u00f3n de perfiles):<\/strong> derecho a no ser objeto de una decisi\u00f3n basada en el tratamiento automatizado que produzca efectos o afecte significativamente.<\/li><\/ul><p>El interesado puede, en cualquier momento, revocar el consentimiento previamente otorgado para usar sus datos. En el caso de que revoque el consentimiento para almacenar y procesar sus datos, no podr\u00e1 proporcionarle determinados servicios. En caso de desatenci\u00f3n de alguno de los citados derechos el interesado podr\u00e1 interponer la correspondiente reclamaci\u00f3n de tutela ante la Agencia Espa\u00f1ola de Protecci\u00f3n de Datos.<\/p><p><strong>Datos de contacto para ejercer sus derechos:<\/strong> puedes dirigirte al RESPONSABLE a trav\u00e9s de los datos de contacto facilitados al comienzo de esta Pol\u00edtica de Privacidad.<\/p><h4>\u00bfQu\u00e9 medidas de seguridad implementamos para proteger los datos personales?<\/h4><p>El RESPONSABLE garantiza que ha implementado pol\u00edticas t\u00e9cnicas y organizativas apropiadas para aplicar las medidas de seguridad que establecen el GDPR y la LOPDGDD con el fin de proteger los derechos y libertades de los USUARIOS y les ha comunicado la informaci\u00f3n adecuada para que puedan ejercerlos. El RESPONSABLE est\u00e1 cumpliendo con todas las disposiciones de las normativas GDPR y LOPDGDD para el tratamiento de los datos personales de su responsabilidad, y manifiestamente con los principios descritos en el art\u00edculo 5 del GDPR, por los cuales son tratados de manera l\u00edcita, leal y transparente en relaci\u00f3n con el interesado y adecuados, pertinentes y limitados a lo necesario en relaci\u00f3n con los fines para los que son tratados.<\/p><p><strong>Para m\u00e1s informaci\u00f3n sobre las garant\u00edas de privacidad, puedes dirigirte al RESPONSABLE a trav\u00e9s de los datos de contacto facilitados al comienzo de esta Pol\u00edtica de Privacidad.<\/strong><\/p>\t\t\t\t\t\t\t\t<\/div>\n\t\t\t\t<\/div>\n\t\t\t\t\t<\/div>\r\n\t\t\t\t<\/div>\r\n\t\t\t\t<\/div>\n\t\t","protected":false},"excerpt":{"rendered":"<p>\u00bfQui\u00e9n es el responsable del tratamiento de tus datos personales? Mesana Corporate Advisory, S.L. es el RESPONSABLE del tratamiento de los datos personales del USUARIO y le informa de que estos datos ser\u00e1n tratados de conformidad con lo dispuesto en el Reglamento (UE) 2016\/679, de 27 de abril (GDPR), y la Ley Org\u00e1nica 3\/2018, de [&hellip;]<\/p>\n","protected":false},"author":1,"featured_media":0,"parent":0,"menu_order":0,"comment_status":"closed","ping_status":"closed","template":"","meta":{"footnotes":""},"class_list":["post-18390","page","type-page","status-publish","hentry"],"yoast_head":"<!-- This site is optimized with the Yoast SEO plugin v27.0 - https:\/\/yoast.com\/product\/yoast-seo-wordpress\/ -->\n<title>Mesana Corporate &#8211; Pol\u00edtica de Privacidad<\/title>\n<meta name=\"robots\" content=\"index, follow, max-snippet:-1, max-image-preview:large, max-video-preview:-1\" \/>\n<link rel=\"canonical\" href=\"https:\/\/mesanacorporate.com\/es\/politica-de-privacidad\/\" \/>\n<meta property=\"og:locale\" content=\"es_ES\" \/>\n<meta property=\"og:type\" content=\"article\" \/>\n<meta property=\"og:title\" content=\"Mesana Corporate &#8211; Pol\u00edtica de Privacidad\" \/>\n<meta property=\"og:description\" content=\"\u00bfQui\u00e9n es el responsable del tratamiento de tus datos personales? Mesana Corporate Advisory, S.L. es el RESPONSABLE del tratamiento de los datos personales del USUARIO y le informa de que estos datos ser\u00e1n tratados de conformidad con lo dispuesto en el Reglamento (UE) 2016\/679, de 27 de abril (GDPR), y la Ley Org\u00e1nica 3\/2018, de [&hellip;]\" \/>\n<meta property=\"og:url\" content=\"https:\/\/mesanacorporate.com\/es\/politica-de-privacidad\/\" \/>\n<meta property=\"og:site_name\" content=\"Mesana Corporate\" \/>\n<meta property=\"article:modified_time\" content=\"2026-02-24T18:05:12+00:00\" \/>\n<meta name=\"twitter:card\" content=\"summary_large_image\" \/>\n<meta name=\"twitter:label1\" content=\"Tiempo de lectura\" \/>\n\t<meta name=\"twitter:data1\" content=\"5 minutos\" \/>\n<script type=\"application\/ld+json\" class=\"yoast-schema-graph\">{\"@context\":\"https:\/\/schema.org\",\"@graph\":[{\"@type\":\"WebPage\",\"@id\":\"https:\/\/mesanacorporate.com\/es\/politica-de-privacidad\/\",\"url\":\"https:\/\/mesanacorporate.com\/es\/politica-de-privacidad\/\",\"name\":\"Mesana Corporate &#8211; Pol\u00edtica de Privacidad\",\"isPartOf\":{\"@id\":\"https:\/\/mesanacorporate.com\/es\/#website\"},\"datePublished\":\"2025-04-15T12:14:59+00:00\",\"dateModified\":\"2026-02-24T18:05:12+00:00\",\"breadcrumb\":{\"@id\":\"https:\/\/mesanacorporate.com\/es\/politica-de-privacidad\/#breadcrumb\"},\"inLanguage\":\"es\",\"potentialAction\":[{\"@type\":\"ReadAction\",\"target\":[\"https:\/\/mesanacorporate.com\/es\/politica-de-privacidad\/\"]}]},{\"@type\":\"BreadcrumbList\",\"@id\":\"https:\/\/mesanacorporate.com\/es\/politica-de-privacidad\/#breadcrumb\",\"itemListElement\":[{\"@type\":\"ListItem\",\"position\":1,\"name\":\"Home\",\"item\":\"https:\/\/mesanacorporate.com\/es\/\"},{\"@type\":\"ListItem\",\"position\":2,\"name\":\"Pol\u00edtica de Privacidad\"}]},{\"@type\":\"WebSite\",\"@id\":\"https:\/\/mesanacorporate.com\/es\/#website\",\"url\":\"https:\/\/mesanacorporate.com\/es\/\",\"name\":\"Mesana Corporate\",\"description\":\"High-value added strategic and corporate finance services\",\"publisher\":{\"@id\":\"https:\/\/mesanacorporate.com\/es\/#organization\"},\"potentialAction\":[{\"@type\":\"SearchAction\",\"target\":{\"@type\":\"EntryPoint\",\"urlTemplate\":\"https:\/\/mesanacorporate.com\/es\/?s={search_term_string}\"},\"query-input\":{\"@type\":\"PropertyValueSpecification\",\"valueRequired\":true,\"valueName\":\"search_term_string\"}}],\"inLanguage\":\"es\"},{\"@type\":\"Organization\",\"@id\":\"https:\/\/mesanacorporate.com\/es\/#organization\",\"name\":\"Mesana Corporaci\u00f3n\",\"url\":\"https:\/\/mesanacorporate.com\/es\/\",\"logo\":{\"@type\":\"ImageObject\",\"inLanguage\":\"es\",\"@id\":\"https:\/\/mesanacorporate.com\/es\/#\/schema\/logo\/image\/\",\"url\":\"https:\/\/mesanacorporate.com\/wp-content\/uploads\/2025\/07\/mesana-corporate-600.jpg\",\"contentUrl\":\"https:\/\/mesanacorporate.com\/wp-content\/uploads\/2025\/07\/mesana-corporate-600.jpg\",\"width\":600,\"height\":600,\"caption\":\"Mesana Corporaci\u00f3n\"},\"image\":{\"@id\":\"https:\/\/mesanacorporate.com\/es\/#\/schema\/logo\/image\/\"}}]}<\/script>\n<!-- \/ Yoast SEO plugin. -->","yoast_head_json":{"title":"Mesana Corporate &#8211; Pol\u00edtica de Privacidad","robots":{"index":"index","follow":"follow","max-snippet":"max-snippet:-1","max-image-preview":"max-image-preview:large","max-video-preview":"max-video-preview:-1"},"canonical":"https:\/\/mesanacorporate.com\/es\/politica-de-privacidad\/","og_locale":"es_ES","og_type":"article","og_title":"Mesana Corporate &#8211; Pol\u00edtica de Privacidad","og_description":"\u00bfQui\u00e9n es el responsable del tratamiento de tus datos personales? Mesana Corporate Advisory, S.L. es el RESPONSABLE del tratamiento de los datos personales del USUARIO y le informa de que estos datos ser\u00e1n tratados de conformidad con lo dispuesto en el Reglamento (UE) 2016\/679, de 27 de abril (GDPR), y la Ley Org\u00e1nica 3\/2018, de [&hellip;]","og_url":"https:\/\/mesanacorporate.com\/es\/politica-de-privacidad\/","og_site_name":"Mesana Corporate","article_modified_time":"2026-02-24T18:05:12+00:00","twitter_card":"summary_large_image","twitter_misc":{"Tiempo de lectura":"5 minutos"},"schema":{"@context":"https:\/\/schema.org","@graph":[{"@type":"WebPage","@id":"https:\/\/mesanacorporate.com\/es\/politica-de-privacidad\/","url":"https:\/\/mesanacorporate.com\/es\/politica-de-privacidad\/","name":"Mesana Corporate &#8211; Pol\u00edtica de Privacidad","isPartOf":{"@id":"https:\/\/mesanacorporate.com\/es\/#website"},"datePublished":"2025-04-15T12:14:59+00:00","dateModified":"2026-02-24T18:05:12+00:00","breadcrumb":{"@id":"https:\/\/mesanacorporate.com\/es\/politica-de-privacidad\/#breadcrumb"},"inLanguage":"es","potentialAction":[{"@type":"ReadAction","target":["https:\/\/mesanacorporate.com\/es\/politica-de-privacidad\/"]}]},{"@type":"BreadcrumbList","@id":"https:\/\/mesanacorporate.com\/es\/politica-de-privacidad\/#breadcrumb","itemListElement":[{"@type":"ListItem","position":1,"name":"Home","item":"https:\/\/mesanacorporate.com\/es\/"},{"@type":"ListItem","position":2,"name":"Pol\u00edtica de Privacidad"}]},{"@type":"WebSite","@id":"https:\/\/mesanacorporate.com\/es\/#website","url":"https:\/\/mesanacorporate.com\/es\/","name":"Mesana Corporate","description":"High-value added strategic and corporate finance services","publisher":{"@id":"https:\/\/mesanacorporate.com\/es\/#organization"},"potentialAction":[{"@type":"SearchAction","target":{"@type":"EntryPoint","urlTemplate":"https:\/\/mesanacorporate.com\/es\/?s={search_term_string}"},"query-input":{"@type":"PropertyValueSpecification","valueRequired":true,"valueName":"search_term_string"}}],"inLanguage":"es"},{"@type":"Organization","@id":"https:\/\/mesanacorporate.com\/es\/#organization","name":"Mesana Corporaci\u00f3n","url":"https:\/\/mesanacorporate.com\/es\/","logo":{"@type":"ImageObject","inLanguage":"es","@id":"https:\/\/mesanacorporate.com\/es\/#\/schema\/logo\/image\/","url":"https:\/\/mesanacorporate.com\/wp-content\/uploads\/2025\/07\/mesana-corporate-600.jpg","contentUrl":"https:\/\/mesanacorporate.com\/wp-content\/uploads\/2025\/07\/mesana-corporate-600.jpg","width":600,"height":600,"caption":"Mesana Corporaci\u00f3n"},"image":{"@id":"https:\/\/mesanacorporate.com\/es\/#\/schema\/logo\/image\/"}}]}},"_links":{"self":[{"href":"https:\/\/mesanacorporate.com\/es\/wp-json\/wp\/v2\/pages\/18390","targetHints":{"allow":["GET"]}}],"collection":[{"href":"https:\/\/mesanacorporate.com\/es\/wp-json\/wp\/v2\/pages"}],"about":[{"href":"https:\/\/mesanacorporate.com\/es\/wp-json\/wp\/v2\/types\/page"}],"author":[{"embeddable":true,"href":"https:\/\/mesanacorporate.com\/es\/wp-json\/wp\/v2\/users\/1"}],"replies":[{"embeddable":true,"href":"https:\/\/mesanacorporate.com\/es\/wp-json\/wp\/v2\/comments?post=18390"}],"version-history":[{"count":1,"href":"https:\/\/mesanacorporate.com\/es\/wp-json\/wp\/v2\/pages\/18390\/revisions"}],"predecessor-version":[{"id":19245,"href":"https:\/\/mesanacorporate.com\/es\/wp-json\/wp\/v2\/pages\/18390\/revisions\/19245"}],"wp:attachment":[{"href":"https:\/\/mesanacorporate.com\/es\/wp-json\/wp\/v2\/media?parent=18390"}],"curies":[{"name":"wp","href":"https:\/\/api.w.org\/{rel}","templated":true}]}}